{"id":2582,"date":"2023-05-18T20:10:00","date_gmt":"2023-05-19T00:10:00","guid":{"rendered":"https:\/\/environmentfunders.ca\/members\/connect\/events\/2023-conference\/"},"modified":"2025-07-14T11:18:53","modified_gmt":"2025-07-14T15:18:53","slug":"2023-conference","status":"publish","type":"tw_event","link":"https:\/\/environmentfunders.ca\/fr\/members\/connect\/events\/2023-conference\/","title":{"rendered":"2023 NATIONAL Conference"},"content":{"rendered":"<div class=\"mp_wrapper\">\n  <div class=\"mepr-unauthorized-message\">\n    <p>You are unauthorized to view this page.<\/p>\n  <\/div>\n  <div class=\"mepr-login-form-wrap\">\n      <\/div>\n<\/div>\n","protected":false},"excerpt":{"rendered":"<p>Environment Funders Canada remercie tous ceux qui ont particip\u00e9 \u00e0 notre conf\u00e9rence nationale, Accelerate 2023 : Construire des ponts et embrasser le changement, qui s&rsquo;est tenue \u00e0 Qu\u00e9bec du 16 au 18 mai 2023. Nous avons vraiment appr\u00e9ci\u00e9 notre temps pass\u00e9 ensemble \u00e0 apprendre, partager, r\u00e9seauter et profiter de la compagnie des uns et des autres !<\/p>\n","protected":false},"featured_media":2202,"parent":0,"menu_order":0,"template":"","tw_event_category":[245],"tw_event_tag":[173,291],"class_list":["post-2582","tw_event","type-tw_event","status-publish","has-post-thumbnail","hentry","tw_event_category-conferences-fr","tw_event_tag-173","tw_event_tag-gated"],"acf":[],"yoast_head":"<!-- This site is optimized with the Yoast SEO plugin v27.5 - https:\/\/yoast.com\/product\/yoast-seo-wordpress\/ -->\n<title>2023 NATIONAL Conference | Environment Funders Canada<\/title>\n<meta name=\"description\" content=\"Environment Funders Canada remercie tous ceux qui ont particip\u00e9 \u00e0 notre conf\u00e9rence nationale, Accelerate 2023 : Construire des ponts et embrasser le changement, qui s&#039;est tenue \u00e0 Qu\u00e9bec du 16 au 18 mai 2023. Nous avons vraiment appr\u00e9ci\u00e9 notre temps pass\u00e9 ensemble \u00e0 apprendre, partager, r\u00e9seauter et profiter de la compagnie des uns et des autres !\" \/>\n<meta name=\"robots\" content=\"index, follow, max-snippet:-1, max-image-preview:large, max-video-preview:-1\" \/>\n<link rel=\"canonical\" href=\"https:\/\/environmentfunders.ca\/fr\/members\/connect\/events\/2023-conference\/\" \/>\n<meta property=\"og:locale\" content=\"fr_FR\" \/>\n<meta property=\"og:type\" content=\"article\" \/>\n<meta property=\"og:title\" content=\"2023 NATIONAL Conference | Environment Funders Canada\" \/>\n<meta property=\"og:description\" content=\"Environment Funders Canada remercie tous ceux qui ont particip\u00e9 \u00e0 notre conf\u00e9rence nationale, Accelerate 2023 : Construire des ponts et embrasser le changement, qui s&#039;est tenue \u00e0 Qu\u00e9bec du 16 au 18 mai 2023. Nous avons vraiment appr\u00e9ci\u00e9 notre temps pass\u00e9 ensemble \u00e0 apprendre, partager, r\u00e9seauter et profiter de la compagnie des uns et des autres !\" \/>\n<meta property=\"og:url\" content=\"https:\/\/environmentfunders.ca\/fr\/members\/connect\/events\/2023-conference\/\" \/>\n<meta property=\"og:site_name\" content=\"Environment Funders Canada\" \/>\n<meta property=\"article:modified_time\" content=\"2025-07-14T15:18:53+00:00\" \/>\n<meta property=\"og:image\" content=\"https:\/\/environmentfunders.ca\/wp-content\/uploads\/2023\/05\/2023-CONFERENCE.jpeg\" \/>\n\t<meta property=\"og:image:width\" content=\"1024\" \/>\n\t<meta property=\"og:image:height\" content=\"768\" \/>\n\t<meta property=\"og:image:type\" content=\"image\/jpeg\" \/>\n<meta name=\"twitter:card\" content=\"summary_large_image\" \/>\n<script type=\"application\/ld+json\" class=\"yoast-schema-graph\">{\"@context\":\"https:\\\/\\\/schema.org\",\"@graph\":[{\"@type\":\"WebPage\",\"@id\":\"https:\\\/\\\/environmentfunders.ca\\\/fr\\\/members\\\/connect\\\/events\\\/2023-conference\\\/\",\"url\":\"https:\\\/\\\/environmentfunders.ca\\\/fr\\\/members\\\/connect\\\/events\\\/2023-conference\\\/\",\"name\":\"2023 NATIONAL Conference | Environment Funders Canada\",\"isPartOf\":{\"@id\":\"https:\\\/\\\/environmentfunders.ca\\\/fr\\\/#website\"},\"primaryImageOfPage\":{\"@id\":\"https:\\\/\\\/environmentfunders.ca\\\/fr\\\/members\\\/connect\\\/events\\\/2023-conference\\\/#primaryimage\"},\"image\":{\"@id\":\"https:\\\/\\\/environmentfunders.ca\\\/fr\\\/members\\\/connect\\\/events\\\/2023-conference\\\/#primaryimage\"},\"thumbnailUrl\":\"https:\\\/\\\/environmentfunders.ca\\\/wp-content\\\/uploads\\\/2023\\\/05\\\/2023-CONFERENCE.jpeg\",\"datePublished\":\"2023-05-19T00:10:00+00:00\",\"dateModified\":\"2025-07-14T15:18:53+00:00\",\"description\":\"Environment Funders Canada remercie tous ceux qui ont particip\u00e9 \u00e0 notre conf\u00e9rence nationale, Accelerate 2023 : Construire des ponts et embrasser le changement, qui s'est tenue \u00e0 Qu\u00e9bec du 16 au 18 mai 2023. Nous avons vraiment appr\u00e9ci\u00e9 notre temps pass\u00e9 ensemble \u00e0 apprendre, partager, r\u00e9seauter et profiter de la compagnie des uns et des autres !\",\"breadcrumb\":{\"@id\":\"https:\\\/\\\/environmentfunders.ca\\\/fr\\\/members\\\/connect\\\/events\\\/2023-conference\\\/#breadcrumb\"},\"inLanguage\":\"fr-FR\",\"potentialAction\":[{\"@type\":\"ReadAction\",\"target\":[\"https:\\\/\\\/environmentfunders.ca\\\/fr\\\/members\\\/connect\\\/events\\\/2023-conference\\\/\"]}]},{\"@type\":\"ImageObject\",\"inLanguage\":\"fr-FR\",\"@id\":\"https:\\\/\\\/environmentfunders.ca\\\/fr\\\/members\\\/connect\\\/events\\\/2023-conference\\\/#primaryimage\",\"url\":\"https:\\\/\\\/environmentfunders.ca\\\/wp-content\\\/uploads\\\/2023\\\/05\\\/2023-CONFERENCE.jpeg\",\"contentUrl\":\"https:\\\/\\\/environmentfunders.ca\\\/wp-content\\\/uploads\\\/2023\\\/05\\\/2023-CONFERENCE.jpeg\",\"width\":1024,\"height\":768},{\"@type\":\"BreadcrumbList\",\"@id\":\"https:\\\/\\\/environmentfunders.ca\\\/fr\\\/members\\\/connect\\\/events\\\/2023-conference\\\/#breadcrumb\",\"itemListElement\":[{\"@type\":\"ListItem\",\"position\":1,\"name\":\"Home\",\"item\":\"https:\\\/\\\/environmentfunders.ca\\\/fr\\\/\"},{\"@type\":\"ListItem\",\"position\":2,\"name\":\"Conf\u00e9rences\",\"item\":\"https:\\\/\\\/environmentfunders.ca\\\/fr\\\/members\\\/connect\\\/event-category\\\/conferences-fr\\\/\"},{\"@type\":\"ListItem\",\"position\":3,\"name\":\"2023 NATIONAL Conference\"}]},{\"@type\":\"WebSite\",\"@id\":\"https:\\\/\\\/environmentfunders.ca\\\/fr\\\/#website\",\"url\":\"https:\\\/\\\/environmentfunders.ca\\\/fr\\\/\",\"name\":\"Environment Funders Canada\",\"description\":\"\",\"publisher\":{\"@id\":\"https:\\\/\\\/environmentfunders.ca\\\/fr\\\/\\\/#organization\"},\"alternateName\":\"EFC\",\"potentialAction\":[{\"@type\":\"SearchAction\",\"target\":{\"@type\":\"EntryPoint\",\"urlTemplate\":\"https:\\\/\\\/environmentfunders.ca\\\/fr\\\/?s={search_term_string}\"},\"query-input\":{\"@type\":\"PropertyValueSpecification\",\"valueRequired\":true,\"valueName\":\"search_term_string\"}}],\"inLanguage\":\"fr-FR\"},{\"@type\":\"Organization\",\"@id\":\"https:\\\/\\\/environmentfunders.ca\\\/fr\\\/#organization\",\"name\":\"Environment Funders Canada\",\"alternateName\":\"EFC\",\"url\":\"https:\\\/\\\/environmentfunders.ca\\\/fr\\\/\",\"logo\":{\"@type\":\"ImageObject\",\"inLanguage\":\"fr-FR\",\"@id\":\"https:\\\/\\\/environmentfunders.ca\\\/fr\\\/#\\\/schema\\\/logo\\\/image\\\/\",\"url\":\"https:\\\/\\\/environmentfunders.ca\\\/wp-content\\\/uploads\\\/2024\\\/06\\\/EFC-logo.jpg\",\"contentUrl\":\"https:\\\/\\\/environmentfunders.ca\\\/wp-content\\\/uploads\\\/2024\\\/06\\\/EFC-logo.jpg\",\"width\":696,\"height\":696,\"caption\":\"Environment Funders Canada\"},\"image\":{\"@id\":\"https:\\\/\\\/environmentfunders.ca\\\/fr\\\/#\\\/schema\\\/logo\\\/image\\\/\"},\"contactPoint\":{\"@type\":\"ContactPoint\",\"contactType\":\"Sales\",\"email\":\"info@environmentfunders.ca\",\"telephone\":\"+16472888891\"},\"sameAs\":[\"https:\\\/\\\/linkedin.com\\\/company\\\/environmentfunderscanada\\\/\"],\"location\":[{\"@type\":\"ProfessionalService\",\"@id\":\"https:\\\/\\\/environmentfunders.ca\\\/#location_0\",\"name\":\"Environment Funders Canada\",\"parentOrganization\":{\"@id\":\"https:\\\/\\\/environmentfunders.ca\\\/#organization\"},\"address\":{\"@type\":\"PostalAddress\",\"streetAddress\":\"2 St. Clair Avenue East, Suite 300\",\"addressLocality\":\"Toronto\",\"addressRegion\":\"Ontario\",\"postalCode\":\"M4T 2T5\",\"addressCountry\":\"CA\"},\"image\":{\"@type\":\"ImageObject\",\"url\":\"https:\\\/\\\/environmentfunders.ca\\\/wp-content\\\/themes\\\/wundertheme2024\\\/assets\\\/img\\\/logo.png\"},\"geo\":{\"@type\":\"GeoCoordinates\",\"latitude\":43.6882062,\"longitude\":-79.3945828}}]}]}<\/script>\n<!-- \/ Yoast SEO plugin. -->","yoast_head_json":{"title":"2023 NATIONAL Conference | Environment Funders Canada","description":"Environment Funders Canada remercie tous ceux qui ont particip\u00e9 \u00e0 notre conf\u00e9rence nationale, Accelerate 2023 : Construire des ponts et embrasser le changement, qui s'est tenue \u00e0 Qu\u00e9bec du 16 au 18 mai 2023. Nous avons vraiment appr\u00e9ci\u00e9 notre temps pass\u00e9 ensemble \u00e0 apprendre, partager, r\u00e9seauter et profiter de la compagnie des uns et des autres !","robots":{"index":"index","follow":"follow","max-snippet":"max-snippet:-1","max-image-preview":"max-image-preview:large","max-video-preview":"max-video-preview:-1"},"canonical":"https:\/\/environmentfunders.ca\/fr\/members\/connect\/events\/2023-conference\/","og_locale":"fr_FR","og_type":"article","og_title":"2023 NATIONAL Conference | Environment Funders Canada","og_description":"Environment Funders Canada remercie tous ceux qui ont particip\u00e9 \u00e0 notre conf\u00e9rence nationale, Accelerate 2023 : Construire des ponts et embrasser le changement, qui s'est tenue \u00e0 Qu\u00e9bec du 16 au 18 mai 2023. Nous avons vraiment appr\u00e9ci\u00e9 notre temps pass\u00e9 ensemble \u00e0 apprendre, partager, r\u00e9seauter et profiter de la compagnie des uns et des autres !","og_url":"https:\/\/environmentfunders.ca\/fr\/members\/connect\/events\/2023-conference\/","og_site_name":"Environment Funders Canada","article_modified_time":"2025-07-14T15:18:53+00:00","og_image":[{"width":1024,"height":768,"url":"https:\/\/environmentfunders.ca\/wp-content\/uploads\/2023\/05\/2023-CONFERENCE.jpeg","type":"image\/jpeg"}],"twitter_card":"summary_large_image","schema":{"@context":"https:\/\/schema.org","@graph":[{"@type":"WebPage","@id":"https:\/\/environmentfunders.ca\/fr\/members\/connect\/events\/2023-conference\/","url":"https:\/\/environmentfunders.ca\/fr\/members\/connect\/events\/2023-conference\/","name":"2023 NATIONAL Conference | Environment Funders Canada","isPartOf":{"@id":"https:\/\/environmentfunders.ca\/fr\/#website"},"primaryImageOfPage":{"@id":"https:\/\/environmentfunders.ca\/fr\/members\/connect\/events\/2023-conference\/#primaryimage"},"image":{"@id":"https:\/\/environmentfunders.ca\/fr\/members\/connect\/events\/2023-conference\/#primaryimage"},"thumbnailUrl":"https:\/\/environmentfunders.ca\/wp-content\/uploads\/2023\/05\/2023-CONFERENCE.jpeg","datePublished":"2023-05-19T00:10:00+00:00","dateModified":"2025-07-14T15:18:53+00:00","description":"Environment Funders Canada remercie tous ceux qui ont particip\u00e9 \u00e0 notre conf\u00e9rence nationale, Accelerate 2023 : Construire des ponts et embrasser le changement, qui s'est tenue \u00e0 Qu\u00e9bec du 16 au 18 mai 2023. Nous avons vraiment appr\u00e9ci\u00e9 notre temps pass\u00e9 ensemble \u00e0 apprendre, partager, r\u00e9seauter et profiter de la compagnie des uns et des autres !","breadcrumb":{"@id":"https:\/\/environmentfunders.ca\/fr\/members\/connect\/events\/2023-conference\/#breadcrumb"},"inLanguage":"fr-FR","potentialAction":[{"@type":"ReadAction","target":["https:\/\/environmentfunders.ca\/fr\/members\/connect\/events\/2023-conference\/"]}]},{"@type":"ImageObject","inLanguage":"fr-FR","@id":"https:\/\/environmentfunders.ca\/fr\/members\/connect\/events\/2023-conference\/#primaryimage","url":"https:\/\/environmentfunders.ca\/wp-content\/uploads\/2023\/05\/2023-CONFERENCE.jpeg","contentUrl":"https:\/\/environmentfunders.ca\/wp-content\/uploads\/2023\/05\/2023-CONFERENCE.jpeg","width":1024,"height":768},{"@type":"BreadcrumbList","@id":"https:\/\/environmentfunders.ca\/fr\/members\/connect\/events\/2023-conference\/#breadcrumb","itemListElement":[{"@type":"ListItem","position":1,"name":"Home","item":"https:\/\/environmentfunders.ca\/fr\/"},{"@type":"ListItem","position":2,"name":"Conf\u00e9rences","item":"https:\/\/environmentfunders.ca\/fr\/members\/connect\/event-category\/conferences-fr\/"},{"@type":"ListItem","position":3,"name":"2023 NATIONAL Conference"}]},{"@type":"WebSite","@id":"https:\/\/environmentfunders.ca\/fr\/#website","url":"https:\/\/environmentfunders.ca\/fr\/","name":"Environment Funders Canada","description":"","publisher":{"@id":"https:\/\/environmentfunders.ca\/fr\/\/#organization"},"alternateName":"EFC","potentialAction":[{"@type":"SearchAction","target":{"@type":"EntryPoint","urlTemplate":"https:\/\/environmentfunders.ca\/fr\/?s={search_term_string}"},"query-input":{"@type":"PropertyValueSpecification","valueRequired":true,"valueName":"search_term_string"}}],"inLanguage":"fr-FR"},{"@type":"Organization","@id":"https:\/\/environmentfunders.ca\/fr\/#organization","name":"Environment Funders Canada","alternateName":"EFC","url":"https:\/\/environmentfunders.ca\/fr\/","logo":{"@type":"ImageObject","inLanguage":"fr-FR","@id":"https:\/\/environmentfunders.ca\/fr\/#\/schema\/logo\/image\/","url":"https:\/\/environmentfunders.ca\/wp-content\/uploads\/2024\/06\/EFC-logo.jpg","contentUrl":"https:\/\/environmentfunders.ca\/wp-content\/uploads\/2024\/06\/EFC-logo.jpg","width":696,"height":696,"caption":"Environment Funders Canada"},"image":{"@id":"https:\/\/environmentfunders.ca\/fr\/#\/schema\/logo\/image\/"},"contactPoint":{"@type":"ContactPoint","contactType":"Sales","email":"info@environmentfunders.ca","telephone":"+16472888891"},"sameAs":["https:\/\/linkedin.com\/company\/environmentfunderscanada\/"],"location":[{"@type":"ProfessionalService","@id":"https:\/\/environmentfunders.ca\/#location_0","name":"Environment Funders Canada","parentOrganization":{"@id":"https:\/\/environmentfunders.ca\/#organization"},"address":{"@type":"PostalAddress","streetAddress":"2 St. Clair Avenue East, Suite 300","addressLocality":"Toronto","addressRegion":"Ontario","postalCode":"M4T 2T5","addressCountry":"CA"},"image":{"@type":"ImageObject","url":"https:\/\/environmentfunders.ca\/wp-content\/themes\/wundertheme2024\/assets\/img\/logo.png"},"geo":{"@type":"GeoCoordinates","latitude":43.6882062,"longitude":-79.3945828}}]}]}},"_links":{"self":[{"href":"https:\/\/environmentfunders.ca\/fr\/wp-json\/wp\/v2\/members\/connect\/events\/2582","targetHints":{"allow":["GET"]}}],"collection":[{"href":"https:\/\/environmentfunders.ca\/fr\/wp-json\/wp\/v2\/members\/connect\/events"}],"about":[{"href":"https:\/\/environmentfunders.ca\/fr\/wp-json\/wp\/v2\/types\/tw_event"}],"wp:featuredmedia":[{"embeddable":true,"href":"https:\/\/environmentfunders.ca\/fr\/wp-json\/wp\/v2\/media\/2202"}],"wp:attachment":[{"href":"https:\/\/environmentfunders.ca\/fr\/wp-json\/wp\/v2\/media?parent=2582"}],"wp:term":[{"taxonomy":"tw_event_category","embeddable":true,"href":"https:\/\/environmentfunders.ca\/fr\/wp-json\/wp\/v2\/tw_event_category?post=2582"},{"taxonomy":"tw_event_tag","embeddable":true,"href":"https:\/\/environmentfunders.ca\/fr\/wp-json\/wp\/v2\/tw_event_tag?post=2582"}],"curies":[{"name":"wp","href":"https:\/\/api.w.org\/{rel}","templated":true}]}}